{"version":"1.0","provider_name":"Ninetech - no","provider_url":"https:\/\/www.ninetech.com\/no","author_name":"Marie Brunzell","author_url":"https:\/\/www.ninetech.com\/no\/author\/marie-brunzellninetech-com\/","title":"Korta v\u00e4gen: Matchning f\u00f6r utl\u00e4ndska akademiker i Sverige","type":"rich","width":600,"height":338,"html":"<blockquote class=\"wp-embedded-content\" data-secret=\"Zu7syrQC8c\"><a href=\"https:\/\/www.ninetech.com\/no\/nyheter\/korta-vagen-ett-startskott-for-utlandska-akademiker\/\">Korta v\u00e4gen &#8211; ett startskott f\u00f6r utl\u00e4ndska akademiker<\/a><\/blockquote><iframe sandbox=\"allow-scripts\" security=\"restricted\" src=\"https:\/\/www.ninetech.com\/no\/nyheter\/korta-vagen-ett-startskott-for-utlandska-akademiker\/embed\/#?secret=Zu7syrQC8c\" width=\"600\" height=\"338\" title=\"&laquo;Korta v\u00e4gen &#8211; ett startskott f\u00f6r utl\u00e4ndska akademiker&raquo; &#8212; Ninetech - no\" data-secret=\"Zu7syrQC8c\" frameborder=\"0\" marginwidth=\"0\" marginheight=\"0\" scrolling=\"no\" class=\"wp-embedded-content\"><\/iframe><script>\n\/*! This file is auto-generated *\/\n!function(d,l){\"use strict\";l.querySelector&&d.addEventListener&&\"undefined\"!=typeof URL&&(d.wp=d.wp||{},d.wp.receiveEmbedMessage||(d.wp.receiveEmbedMessage=function(e){var t=e.data;if((t||t.secret||t.message||t.value)&&!\/[^a-zA-Z0-9]\/.test(t.secret)){for(var s,r,n,a=l.querySelectorAll('iframe[data-secret=\"'+t.secret+'\"]'),o=l.querySelectorAll('blockquote[data-secret=\"'+t.secret+'\"]'),c=new RegExp(\"^https?:$\",\"i\"),i=0;i<o.length;i++)o[i].style.display=\"none\";for(i=0;i<a.length;i++)s=a[i],e.source===s.contentWindow&&(s.removeAttribute(\"style\"),\"height\"===t.message?(1e3<(r=parseInt(t.value,10))?r=1e3:~~r<200&&(r=200),s.height=r):\"link\"===t.message&&(r=new URL(s.getAttribute(\"src\")),n=new URL(t.value),c.test(n.protocol))&&n.host===r.host&&l.activeElement===s&&(d.top.location.href=t.value))}},d.addEventListener(\"message\",d.wp.receiveEmbedMessage,!1),l.addEventListener(\"DOMContentLoaded\",function(){for(var e,t,s=l.querySelectorAll(\"iframe.wp-embedded-content\"),r=0;r<s.length;r++)(t=(e=s[r]).getAttribute(\"data-secret\"))||(t=Math.random().toString(36).substring(2,12),e.src+=\"#?secret=\"+t,e.setAttribute(\"data-secret\",t)),e.contentWindow.postMessage({message:\"ready\",secret:t},\"*\")},!1)))}(window,document);\n\/\/# sourceURL=https:\/\/www.ninetech.com\/no\/wp-includes\/js\/wp-embed.min.js\n<\/script>\n","thumbnail_url":"https:\/\/www.ninetech.com\/no\/wp-content\/uploads\/sites\/3\/2021\/10\/korta-vagen-1920x1080-1.jpg","thumbnail_width":1920,"thumbnail_height":1080,"description":"Korta v\u00e4gen \u2013 ett startskott f\u00f6r utl\u00e4ndska akademiker Korta v\u00e4gen \u00e4r ett samarbete mellan Folkuniversitetet och Karlstads universitet p\u00e5 uppdrag av Arbetsf\u00f6rmedlingen. Programmet har en praktisk inriktning d\u00e4r den korta v\u00e4gen samarbetar med m\u00e5nga f\u00f6retag p\u00e5 olika platser runt om i Sverige och koordinerar en match mellan arbetsgivare och studenter. Med fokus p\u00e5 behov, kompetens [&hellip;]"}